{"id":2,"date":"2022-01-31T20:33:15","date_gmt":"2022-01-31T19:33:15","guid":{"rendered":"https:\/\/schaeferhund-traubeneiche.de\/?page_id=2"},"modified":"2022-02-24T09:38:24","modified_gmt":"2022-02-24T08:38:24","slug":"startseite","status":"publish","type":"page","link":"https:\/\/schaeferhund-traubeneiche.de\/en\/","title":{"rendered":"Startseite"},"content":{"rendered":"<div data-elementor-type=\"wp-page\" data-elementor-id=\"2\" class=\"elementor elementor-2\">\n\t\t\t\t\t\t<section class=\"elementor-section elementor-top-section elementor-element elementor-element-7a284ad elementor-section-boxed elementor-section-height-default elementor-section-height-default\" data-id=\"7a284ad\" data-element_type=\"section\">\n\t\t\t\t\t\t<div class=\"elementor-container elementor-column-gap-default\">\n\t\t\t\t\t<div class=\"elementor-column elementor-col-100 elementor-top-column elementor-element elementor-element-f4032ee\" data-id=\"f4032ee\" data-element_type=\"column\">\n\t\t\t<div class=\"elementor-widget-wrap elementor-element-populated\">\n\t\t\t\t\t\t<div class=\"elementor-element elementor-element-2169fc3 elementor-widget elementor-widget-heading\" data-id=\"2169fc3\" data-element_type=\"widget\" data-widget_type=\"heading.default\">\n\t\t\t\t<div class=\"elementor-widget-container\">\n\t\t\t<style>\/*! elementor - v3.22.0 - 26-06-2024 *\/\n.elementor-heading-title{padding:0;margin:0;line-height:1}.elementor-widget-heading .elementor-heading-title[class*=elementor-size-]>a{color:inherit;font-size:inherit;line-height:inherit}.elementor-widget-heading .elementor-heading-title.elementor-size-small{font-size:15px}.elementor-widget-heading .elementor-heading-title.elementor-size-medium{font-size:19px}.elementor-widget-heading .elementor-heading-title.elementor-size-large{font-size:29px}.elementor-widget-heading .elementor-heading-title.elementor-size-xl{font-size:39px}.elementor-widget-heading .elementor-heading-title.elementor-size-xxl{font-size:59px}<\/style><h1 class=\"elementor-heading-title elementor-size-default\">News from the Kennel from the sessile oak<\/h1>\t\t<\/div>\n\t\t\t\t<\/div>\n\t\t\t\t<div class=\"elementor-element elementor-element-cbc8b23 elementor-widget elementor-widget-ucaddon_post_list\" data-id=\"cbc8b23\" data-element_type=\"widget\" data-widget_type=\"ucaddon_post_list.default\">\n\t\t\t\t<div class=\"elementor-widget-container\">\n\t\t\t\n<!-- start Post List -->\n\t\t<link id='font-awesome-css' href='https:\/\/schaeferhund-traubeneiche.de\/wp-content\/plugins\/unlimited-elements-for-elementor\/assets_libraries\/font-awesome6\/fontawesome-all.min.css' type='text\/css' rel='stylesheet' >\n\t\t<link id='font-awesome-4-shim-css' href='https:\/\/schaeferhund-traubeneiche.de\/wp-content\/plugins\/unlimited-elements-for-elementor\/assets_libraries\/font-awesome6\/fontawesome-v4-shims.min.css' type='text\/css' rel='stylesheet' >\n\n<style>\/* widget: Post List *\/\n\n#uc_post_list_elementor_cbc8b23\n{\n  display:grid;\n}\n\n\n#uc_post_list_elementor_cbc8b23 .uc_post_list_image div\n{\n  background-size:cover;\n  background-position:center;\n}\n\n\n.uc_post_list .uc_post_list_box{\n\tposition: relative;\n\toverflow: hidden;\n\tdisplay: flex;\n}\n\n#uc_post_list_elementor_cbc8b23 .uc_post_list_image\n{\n  flex-grow:0;\n  flex-shrink:0;\n}\n\n#uc_post_list_elementor_cbc8b23 .uc_post_list_image img\n{\n  width:100%;\n  display:block;\n  \n}\n\n\n.uc_post_list_title a{\n\tcolor: #333333;\n    font-size: 16px;\n}\n.uc_post_list_date{\n\tfont-size: 12px;\n}\n\n#uc_post_list_elementor_cbc8b23 .uc_post_list_content\n{\n  display:flex;\n  flex-direction:column;\n  flex:1;\n}\n\n#uc_post_list_elementor_cbc8b23 .uc_more_btn{\n\n  text-align:center;\n  text-decoration:none;\n  transition:0.3s;\n}\n\n#uc_post_list_elementor_cbc8b23 .button-on-side\n{\n  display:flex;\n  align-items:center;\n}\n\n\n.ue-grid-item-category a\n{\n  display:inline-block;\n  font-size:10px;\n  text-transform:uppercase;\n}\n\n#uc_post_list_elementor_cbc8b23 .ue-grid-item-meta-data\n{\n  display:flex;\n  flex-wrap: wrap;\n}\n\n.ue-grid-item-meta-data\n{\n  font-size:12px;\n}\n\n#uc_post_list_elementor_cbc8b23 .ue-grid-item-meta-data-icon\n{\n  line-height:1em;\n}\n\n#uc_post_list_elementor_cbc8b23 .ue-grid-item-meta-data-icon svg\n{\n  width:1em;\n  height:1em;\n}\n\n<\/style>\n\n<div class=\"uc_post_list uc-items-wrapper uc-filterable-grid\" id=\"uc_post_list_elementor_cbc8b23\"  data-ajax='true'  data-filterbehave='ajax'  querydata='{&quot;count_posts&quot;:5,&quot;total_posts&quot;:87,&quot;page&quot;:1,&quot;num_pages&quot;:18}'>    \t\n  <div class=\"blog-card\">\n  <div class=\"meta\">\n          <a href=\"https:\/\/schaeferhund-traubeneiche.de\/en\/news\/1976\/\" title=\"\">\t\n                  <div class=\"photo\" style=\"background-image: url(https:\/\/schaeferhund-traubeneiche.de\/wp-content\/uploads\/2026\/04\/20260414_1636288021378479437779872.jpg)\"><\/div>  \n              <\/a>\n      <\/div>\n  <div class=\"description\">\n\t <h2 class=\"post-title\"><a href=\"https:\/\/schaeferhund-traubeneiche.de\/en\/news\/1976\/\" title=\"\"><\/a><\/h2>\t\n\t <div class=\"date\">17 April, 2026<\/div>\t <p>17.04.2026Die Welpen aus dem D-Wurf im DSH-Zwinger \u201evon der Traubeneiche \u201e entwickeln sich sehr gut....<\/p>            <p class=\"read-more\">\n         <a href=\"https:\/\/schaeferhund-traubeneiche.de\/en\/news\/1976\/\" title=\"\">More<\/a>\n       <\/p>\n      <\/div>\n<\/div>\n<!--<div class=\"uc_post_list_box\">\n  \t    <div class=\"uc_post_list_image\">\n      <a href=\"https:\/\/schaeferhund-traubeneiche.de\/en\/news\/1976\/\" title=\"\">\n          \n            <img loading=\"lazy\" decoding=\"async\" src=\"https:\/\/schaeferhund-traubeneiche.de\/wp-content\/uploads\/2026\/04\/20260414_1636288021378479437779872.jpg\"  src=\"https:\/\/schaeferhund-traubeneiche.de\/wp-content\/uploads\/2026\/04\/20260414_1636288021378479437779872.jpg\" alt=\"20260414_1636288021378479437779872\" width=\"1200\" height=\"1600\">\n        \t\n        \n      <\/a>\n    <\/div>\n  \t\t\n  \n    <div class=\"uc_post_list_content\">\n      <div class=\"uc_post_list_content_inside\">\n        \n                        \n                  \n         <div class=\"uc_post_list_title\"><a href=\"https:\/\/schaeferhund-traubeneiche.de\/en\/news\/1976\/\" title=\"\"><\/a><\/div>\t\n         \n        \n                          \n         <div class=\"uc_post_content\">17.04.2026Die Welpen aus dem D-Wurf im DSH-Zwinger \u201evon der Traubeneiche \u201e entwickeln sich sehr gut....<\/div>\t\n         <div><a href=\"https:\/\/schaeferhund-traubeneiche.de\/en\/news\/1976\/\" class=\"uc_more_btn \" title=\"\">Mehr<\/a><\/div>\t\n      <\/div>\n    <\/div>\n     \n       \n<\/div>-->\n<div class=\"blog-card\">\n  <div class=\"meta\">\n          <a href=\"https:\/\/schaeferhund-traubeneiche.de\/en\/news\/05-01-2026-wenke-von-der-traubeneiche-wurde-gestern-von-elvis-von-der-grauen-schlucht-gedeckt\/\" title=\"05.01.2026 &quot;Wenke von der Traubeneiche&quot; wurde gestern von &quot;Elvis von der grauen Schlucht&quot; gedeckt\">\t\n                  <div class=\"photo\" style=\"background-image: url(https:\/\/schaeferhund-traubeneiche.de\/wp-content\/uploads\/2026\/01\/img-20260104-wa00028180361291521709462.jpg)\"><\/div>  \n              <\/a>\n      <\/div>\n  <div class=\"description\">\n\t <h2 class=\"post-title\"><a href=\"https:\/\/schaeferhund-traubeneiche.de\/en\/news\/05-01-2026-wenke-von-der-traubeneiche-wurde-gestern-von-elvis-von-der-grauen-schlucht-gedeckt\/\" title=\"05.01.2026 &quot;Wenke von der Traubeneiche&quot; wurde gestern von &quot;Elvis von der grauen Schlucht&quot; gedeckt\">05.01.2026 \"Wenke von der Traubeneiche\" wurde gestern von \"Elvis von der grauen Schlucht\" gedeckt<\/a><\/h2>\t\n\t <div class=\"date\">05 January, 2026<\/div>\t <p>Eigentlich wollte ich erstmal eine Pause machen aber auf Grund der vielen Anfragen und vor allem weil...<\/p>            <p class=\"read-more\">\n         <a href=\"https:\/\/schaeferhund-traubeneiche.de\/en\/news\/05-01-2026-wenke-von-der-traubeneiche-wurde-gestern-von-elvis-von-der-grauen-schlucht-gedeckt\/\" title=\"\">More<\/a>\n       <\/p>\n      <\/div>\n<\/div>\n<!--<div class=\"uc_post_list_box\">\n  \t    <div class=\"uc_post_list_image\">\n      <a href=\"https:\/\/schaeferhund-traubeneiche.de\/en\/news\/05-01-2026-wenke-von-der-traubeneiche-wurde-gestern-von-elvis-von-der-grauen-schlucht-gedeckt\/\" title=\"05.01.2026 &quot;Wenke von der Traubeneiche&quot; wurde gestern von &quot;Elvis von der grauen Schlucht&quot; gedeckt\">\n          \n            <img loading=\"lazy\" decoding=\"async\" src=\"https:\/\/schaeferhund-traubeneiche.de\/wp-content\/uploads\/2026\/01\/img-20260104-wa00028180361291521709462.jpg\"  src=\"https:\/\/schaeferhund-traubeneiche.de\/wp-content\/uploads\/2026\/01\/img-20260104-wa00028180361291521709462.jpg\" alt=\"img-20260104-wa00028180361291521709462\" width=\"1200\" height=\"1600\">\n        \t\n        \n      <\/a>\n    <\/div>\n  \t\t\n  \n    <div class=\"uc_post_list_content\">\n      <div class=\"uc_post_list_content_inside\">\n        \n                        \n                  \n         <div class=\"uc_post_list_title\"><a href=\"https:\/\/schaeferhund-traubeneiche.de\/en\/news\/05-01-2026-wenke-von-der-traubeneiche-wurde-gestern-von-elvis-von-der-grauen-schlucht-gedeckt\/\" title=\"05.01.2026 &quot;Wenke von der Traubeneiche&quot; wurde gestern von &quot;Elvis von der grauen Schlucht&quot; gedeckt\">05.01.2026 \"Wenke von der Traubeneiche\" wurde gestern von \"Elvis von der grauen Schlucht\" gedeckt<\/a><\/div>\t\n         \n        \n                          \n         <div class=\"uc_post_content\">Eigentlich wollte ich erstmal eine Pause machen aber auf Grund der vielen Anfragen und vor allem weil...<\/div>\t\n         <div><a href=\"https:\/\/schaeferhund-traubeneiche.de\/en\/news\/05-01-2026-wenke-von-der-traubeneiche-wurde-gestern-von-elvis-von-der-grauen-schlucht-gedeckt\/\" class=\"uc_more_btn \" title=\"\">Mehr<\/a><\/div>\t\n      <\/div>\n    <\/div>\n     \n       \n<\/div>-->\n<div class=\"blog-card\">\n  <div class=\"meta\">\n          <a href=\"https:\/\/schaeferhund-traubeneiche.de\/en\/news\/04-01-2026-erinnerungen-an-c-wurf-im-zwinger-v-d-traubeneiche\/\" title=\"04.01.2026\u00a0\u00a0\u00a0\u00a0\u00a0\u00a0\u00a0\u00a0\u00a0 Erinnerungen an C-Wurf im &quot;Zwinger v.d. Traubeneiche&quot;\">\t\n                  <div class=\"photo\" style=\"background-image: url(https:\/\/schaeferhund-traubeneiche.de\/wp-content\/uploads\/2026\/01\/img-20251027-wa00175109184702098730518.jpg)\"><\/div>  \n              <\/a>\n      <\/div>\n  <div class=\"description\">\n\t <h2 class=\"post-title\"><a href=\"https:\/\/schaeferhund-traubeneiche.de\/en\/news\/04-01-2026-erinnerungen-an-c-wurf-im-zwinger-v-d-traubeneiche\/\" title=\"04.01.2026\u00a0\u00a0\u00a0\u00a0\u00a0\u00a0\u00a0\u00a0\u00a0 Erinnerungen an C-Wurf im &quot;Zwinger v.d. Traubeneiche&quot;\">04.01.2026\u00a0\u00a0\u00a0\u00a0\u00a0\u00a0\u00a0\u00a0\u00a0 Erinnerungen an C-Wurf im \"Zwinger v.d. Traubeneiche\"<\/a><\/h2>\t\n\t <div class=\"date\">04 January, 2026<\/div>\t <p>Kurzer R\u00fcckblick zum C-Wurf nach Welpen Orca vom Gleisdreieck und Elvis von der grauen Schlucht. Die...<\/p>            <p class=\"read-more\">\n         <a href=\"https:\/\/schaeferhund-traubeneiche.de\/en\/news\/04-01-2026-erinnerungen-an-c-wurf-im-zwinger-v-d-traubeneiche\/\" title=\"\">More<\/a>\n       <\/p>\n      <\/div>\n<\/div>\n<!--<div class=\"uc_post_list_box\">\n  \t    <div class=\"uc_post_list_image\">\n      <a href=\"https:\/\/schaeferhund-traubeneiche.de\/en\/news\/04-01-2026-erinnerungen-an-c-wurf-im-zwinger-v-d-traubeneiche\/\" title=\"04.01.2026\u00a0\u00a0\u00a0\u00a0\u00a0\u00a0\u00a0\u00a0\u00a0 Erinnerungen an C-Wurf im &quot;Zwinger v.d. Traubeneiche&quot;\">\n          \n            <img loading=\"lazy\" decoding=\"async\" src=\"https:\/\/schaeferhund-traubeneiche.de\/wp-content\/uploads\/2026\/01\/img-20251027-wa00175109184702098730518.jpg\"  src=\"https:\/\/schaeferhund-traubeneiche.de\/wp-content\/uploads\/2026\/01\/img-20251027-wa00175109184702098730518.jpg\" alt=\"img-20251027-wa00175109184702098730518\" width=\"1090\" height=\"1378\">\n        \t\n        \n      <\/a>\n    <\/div>\n  \t\t\n  \n    <div class=\"uc_post_list_content\">\n      <div class=\"uc_post_list_content_inside\">\n        \n                        \n                  \n         <div class=\"uc_post_list_title\"><a href=\"https:\/\/schaeferhund-traubeneiche.de\/en\/news\/04-01-2026-erinnerungen-an-c-wurf-im-zwinger-v-d-traubeneiche\/\" title=\"04.01.2026\u00a0\u00a0\u00a0\u00a0\u00a0\u00a0\u00a0\u00a0\u00a0 Erinnerungen an C-Wurf im &quot;Zwinger v.d. Traubeneiche&quot;\">04.01.2026\u00a0\u00a0\u00a0\u00a0\u00a0\u00a0\u00a0\u00a0\u00a0 Erinnerungen an C-Wurf im \"Zwinger v.d. Traubeneiche\"<\/a><\/div>\t\n         \n        \n                          \n         <div class=\"uc_post_content\">Kurzer R\u00fcckblick zum C-Wurf nach Welpen Orca vom Gleisdreieck und Elvis von der grauen Schlucht. Die...<\/div>\t\n         <div><a href=\"https:\/\/schaeferhund-traubeneiche.de\/en\/news\/04-01-2026-erinnerungen-an-c-wurf-im-zwinger-v-d-traubeneiche\/\" class=\"uc_more_btn \" title=\"\">Mehr<\/a><\/div>\t\n      <\/div>\n    <\/div>\n     \n       \n<\/div>-->\n<div class=\"blog-card\">\n  <div class=\"meta\">\n          <a href=\"https:\/\/schaeferhund-traubeneiche.de\/en\/news\/03-11-2025\/\" title=\"03.11.2025\">\t\n                  <div class=\"photo\" style=\"background-image: url(https:\/\/schaeferhund-traubeneiche.de\/wp-content\/uploads\/2025\/11\/20251104_1421148766733722453738767.jpg)\"><\/div>  \n              <\/a>\n      <\/div>\n  <div class=\"description\">\n\t <h2 class=\"post-title\"><a href=\"https:\/\/schaeferhund-traubeneiche.de\/en\/news\/03-11-2025\/\" title=\"03.11.2025\">03.11.2025<\/a><\/h2>\t\n\t <div class=\"date\">03 November, 2025<\/div>\t <p>Schon wieder 3 Wochen alt die Welpen aus dem C-Wurf<\/p>            <p class=\"read-more\">\n         <a href=\"https:\/\/schaeferhund-traubeneiche.de\/en\/news\/03-11-2025\/\" title=\"\">More<\/a>\n       <\/p>\n      <\/div>\n<\/div>\n<!--<div class=\"uc_post_list_box\">\n  \t    <div class=\"uc_post_list_image\">\n      <a href=\"https:\/\/schaeferhund-traubeneiche.de\/en\/news\/03-11-2025\/\" title=\"03.11.2025\">\n          \n            <img loading=\"lazy\" decoding=\"async\" src=\"https:\/\/schaeferhund-traubeneiche.de\/wp-content\/uploads\/2025\/11\/20251104_1421148766733722453738767.jpg\"  src=\"https:\/\/schaeferhund-traubeneiche.de\/wp-content\/uploads\/2025\/11\/20251104_1421148766733722453738767.jpg\" alt=\"20251104_1421148766733722453738767\" width=\"1200\" height=\"1600\">\n        \t\n        \n      <\/a>\n    <\/div>\n  \t\t\n  \n    <div class=\"uc_post_list_content\">\n      <div class=\"uc_post_list_content_inside\">\n        \n                        \n                  \n         <div class=\"uc_post_list_title\"><a href=\"https:\/\/schaeferhund-traubeneiche.de\/en\/news\/03-11-2025\/\" title=\"03.11.2025\">03.11.2025<\/a><\/div>\t\n         \n        \n                          \n         <div class=\"uc_post_content\">Schon wieder 3 Wochen alt die Welpen aus dem C-Wurf<\/div>\t\n         <div><a href=\"https:\/\/schaeferhund-traubeneiche.de\/en\/news\/03-11-2025\/\" class=\"uc_more_btn \" title=\"\">Mehr<\/a><\/div>\t\n      <\/div>\n    <\/div>\n     \n       \n<\/div>-->\n<div class=\"blog-card\">\n  <div class=\"meta\">\n          <a href=\"https:\/\/schaeferhund-traubeneiche.de\/en\/news\/11-10-2025-jubilaeumswurf-40-jahre-zuchtstaette-fuer-deutsche-schaeferhunde-von-der-traubeneiche\/\" title=\"11.10.2025: Jubil\u00e4umswurf 40 Jahre Zuchtst\u00e4tte f\u00fcr Deutsche Sch\u00e4ferhunde &quot;von der Traubeneiche &quot;\">\t\n                  <div class=\"photo\" style=\"background-image: url(https:\/\/schaeferhund-traubeneiche.de\/wp-content\/uploads\/2025\/10\/polish_20251013_133423300718551643586446480.jpg)\"><\/div>  \n              <\/a>\n      <\/div>\n  <div class=\"description\">\n\t <h2 class=\"post-title\"><a href=\"https:\/\/schaeferhund-traubeneiche.de\/en\/news\/11-10-2025-jubilaeumswurf-40-jahre-zuchtstaette-fuer-deutsche-schaeferhunde-von-der-traubeneiche\/\" title=\"11.10.2025: Jubil\u00e4umswurf 40 Jahre Zuchtst\u00e4tte f\u00fcr Deutsche Sch\u00e4ferhunde &quot;von der Traubeneiche &quot;\">11.10.2025: Jubil\u00e4umswurf 40 Jahre Zuchtst\u00e4tte f\u00fcr Deutsche Sch\u00e4ferhunde \"von der Traubeneiche \"<\/a><\/h2>\t\n\t <div class=\"date\">11 October, 2025<\/div>\t <p>C-WurfAm 02.12.1985 wurde von der damaligen &#8222;Zentralen Zuchtbuchstelle in Halle&#8220; der Zwingernahme...<\/p>            <p class=\"read-more\">\n         <a href=\"https:\/\/schaeferhund-traubeneiche.de\/en\/news\/11-10-2025-jubilaeumswurf-40-jahre-zuchtstaette-fuer-deutsche-schaeferhunde-von-der-traubeneiche\/\" title=\"\">More<\/a>\n       <\/p>\n      <\/div>\n<\/div>\n<!--<div class=\"uc_post_list_box\">\n  \t    <div class=\"uc_post_list_image\">\n      <a href=\"https:\/\/schaeferhund-traubeneiche.de\/en\/news\/11-10-2025-jubilaeumswurf-40-jahre-zuchtstaette-fuer-deutsche-schaeferhunde-von-der-traubeneiche\/\" title=\"11.10.2025: Jubil\u00e4umswurf 40 Jahre Zuchtst\u00e4tte f\u00fcr Deutsche Sch\u00e4ferhunde &quot;von der Traubeneiche &quot;\">\n          \n            <img loading=\"lazy\" decoding=\"async\" src=\"https:\/\/schaeferhund-traubeneiche.de\/wp-content\/uploads\/2025\/10\/polish_20251013_133423300718551643586446480.jpg\"  src=\"https:\/\/schaeferhund-traubeneiche.de\/wp-content\/uploads\/2025\/10\/polish_20251013_133423300718551643586446480.jpg\" alt=\"polish_20251013_133423300718551643586446480\" width=\"1125\" height=\"2000\">\n        \t\n        \n      <\/a>\n    <\/div>\n  \t\t\n  \n    <div class=\"uc_post_list_content\">\n      <div class=\"uc_post_list_content_inside\">\n        \n                        \n                  \n         <div class=\"uc_post_list_title\"><a href=\"https:\/\/schaeferhund-traubeneiche.de\/en\/news\/11-10-2025-jubilaeumswurf-40-jahre-zuchtstaette-fuer-deutsche-schaeferhunde-von-der-traubeneiche\/\" title=\"11.10.2025: Jubil\u00e4umswurf 40 Jahre Zuchtst\u00e4tte f\u00fcr Deutsche Sch\u00e4ferhunde &quot;von der Traubeneiche &quot;\">11.10.2025: Jubil\u00e4umswurf 40 Jahre Zuchtst\u00e4tte f\u00fcr Deutsche Sch\u00e4ferhunde \"von der Traubeneiche \"<\/a><\/div>\t\n         \n        \n                          \n         <div class=\"uc_post_content\">C-WurfAm 02.12.1985 wurde von der damaligen &#8222;Zentralen Zuchtbuchstelle in Halle&#8220; der Zwingernahme...<\/div>\t\n         <div><a href=\"https:\/\/schaeferhund-traubeneiche.de\/en\/news\/11-10-2025-jubilaeumswurf-40-jahre-zuchtstaette-fuer-deutsche-schaeferhunde-von-der-traubeneiche\/\" class=\"uc_more_btn \" title=\"\">Mehr<\/a><\/div>\t\n      <\/div>\n    <\/div>\n     \n       \n<\/div>-->\n\n<\/div>\n\n\n<!-- end Post List -->\t\t<\/div>\n\t\t\t\t<\/div>\n\t\t\t\t<div class=\"elementor-element elementor-element-6afb686 elementor-widget elementor-widget-ucaddon_archive_pagination\" data-id=\"6afb686\" data-element_type=\"widget\" data-widget_type=\"ucaddon_archive_pagination.default\">\n\t\t\t\t<div class=\"elementor-widget-container\">\n\t\t\t\n<!-- start Post Pagination -->\n\n<style>\/* widget: Post Pagination *\/\n\n#uc_archive_pagination_elementor_6afb686 nav\n{\n  padding:0px;\n  margin:0px;\n}\n\n#uc_archive_pagination_elementor_6afb686 \n{\n  display:flex;\n  flex-wrap: wrap;\n  justify-content:center;\n}\n\n#uc_archive_pagination_elementor_6afb686 .nav-links\n{\n  display:flex;\n  justify-content:center;\n}\n\n#uc_archive_pagination_elementor_6afb686 .nav-links > *\n{\n}\n\n#uc_archive_pagination_elementor_6afb686 .page-numbers\n{\n  display:flex;\n  \n  align-items:center;\n  justify-content:center;\n  transition:0.3s;\n  line-height:1em;\n}\n\n\n#uc_archive_pagination_elementor_6afb686 a.page-numbers, #uc_archive_pagination_elementor_6afb686 .dots\n{\n  color:#000000;\n  background-color:;\n}\n\n#uc_archive_pagination_elementor_6afb686 a.page-numbers:hover\n{\n  color:#505A21;\n  background-color:#eeeeee;\n}\n\n#uc_archive_pagination_elementor_6afb686 .page-numbers.current,\n#uc_archive_pagination_elementor_6afb686 .page-numbers.current:hover\n{\n  background-color:#94A723;\n  color:#ffffff;\n}\n\n\n#uc_archive_pagination_elementor_6afb686 .page-numbers.prev, #uc_archive_pagination_elementor_6afb686 .page-numbers.next\n{\n  padding-left:15px;\n  padding-right:15px;\n}\n\n\n\n#uc_archive_pagination_elementor_6afb686 .prev:before {\n   font-family: \"Font Awesome 5 Free\";\n   content: \"\\f053\";\n   display: inline-block;\n   vertical-align: middle;\n   font-weight: 900;\n   padding-right:10px;}\n\n#uc_archive_pagination_elementor_6afb686 .next:after {\n   font-family: \"Font Awesome 5 Free\";\n   content: \"\\f054\";\n   display: inline-block;\n   vertical-align: middle;\n   font-weight: 900;\n   padding-left:10px;}\n\n#uc_archive_pagination_elementor_6afb686.uc-ajax-loading{\n\topacity:1 !important;\n}\n\n#uc_archive_pagination_elementor_6afb686.uc-ajax-loading .current{\n\tposition:relative;\n    overflow:hidden;\n}\n\n\n#uc_archive_pagination_elementor_6afb686.uc-ajax-loading .current:before{\n  content: \"\";\n  display:block;\n  width:100%;\n  height:100%;\n  box-sizing:border-box;\n  position:absolute;\n  top:0px;\n  left:0px;\n  background-color: #c2c2c2;\n  animation: uc-spinning-border 0.5s linear infinite;\n  opacity:50%;\n  border-radius:inherit;\n}\n\n@keyframes uc-spinning-border {\n\t0%{transform: scale(0);}\n\t100%{transform: scale(1); }\t\n}\n\n\n\n<\/style>\n\n<div id=\"uc_archive_pagination_elementor_6afb686\" class=\"archive_pagination uc-filter-pagination\">\n<span aria-current=\"page\" class=\"page-numbers current\">1<\/span>\n<a class=\"page-numbers\" href=\"https:\/\/schaeferhund-traubeneiche.de\/en\/2\/\">2<\/a>\n<a class=\"page-numbers\" href=\"https:\/\/schaeferhund-traubeneiche.de\/en\/3\/\">3<\/a>\n<span class=\"page-numbers dots\">...<\/span>\n<a class=\"page-numbers\" href=\"https:\/\/schaeferhund-traubeneiche.de\/en\/18\/\">18<\/a>\n<\/div>\n<!-- end Post Pagination -->\t\t<\/div>\n\t\t\t\t<\/div>\n\t\t\t\t\t<\/div>\n\t\t<\/div>\n\t\t\t\t\t<\/div>\n\t\t<\/section>\n\t\t\t\t<section class=\"elementor-section elementor-top-section elementor-element elementor-element-b080dbd elementor-section-boxed elementor-section-height-default elementor-section-height-default\" data-id=\"b080dbd\" data-element_type=\"section\">\n\t\t\t\t\t\t<div class=\"elementor-container elementor-column-gap-default\">\n\t\t\t\t\t<div class=\"elementor-column elementor-col-100 elementor-top-column elementor-element elementor-element-7d3b5b0\" data-id=\"7d3b5b0\" data-element_type=\"column\">\n\t\t\t<div class=\"elementor-widget-wrap elementor-element-populated\">\n\t\t\t\t\t\t<div class=\"elementor-element elementor-element-c9f3a56 elementor-widget elementor-widget-heading\" data-id=\"c9f3a56\" data-element_type=\"widget\" data-widget_type=\"heading.default\">\n\t\t\t\t<div class=\"elementor-widget-container\">\n\t\t\t<h1 class=\"elementor-heading-title elementor-size-default\">Breeding and training center for German shepherd dogs<\/h1>\t\t<\/div>\n\t\t\t\t<\/div>\n\t\t\t\t<section class=\"elementor-section elementor-inner-section elementor-element elementor-element-37f4ebc elementor-section-full_width elementor-section-height-default elementor-section-height-default\" data-id=\"37f4ebc\" data-element_type=\"section\">\n\t\t\t\t\t\t<div class=\"elementor-container elementor-column-gap-default\">\n\t\t\t\t\t<div class=\"elementor-column elementor-col-50 elementor-inner-column elementor-element elementor-element-f6e3ab4\" data-id=\"f6e3ab4\" data-element_type=\"column\">\n\t\t\t<div class=\"elementor-widget-wrap elementor-element-populated\">\n\t\t\t\t\t\t<div class=\"elementor-element elementor-element-9b84b1e elementor-widget elementor-widget-heading\" data-id=\"9b84b1e\" data-element_type=\"widget\" data-widget_type=\"heading.default\">\n\t\t\t\t<div class=\"elementor-widget-container\">\n\t\t\t<h2 class=\"elementor-heading-title elementor-size-default\">Dog sport since 1972.<\/h2>\t\t<\/div>\n\t\t\t\t<\/div>\n\t\t\t\t<div class=\"elementor-element elementor-element-b4a78ca elementor-widget elementor-widget-text-editor\" data-id=\"b4a78ca\" data-element_type=\"widget\" data-widget_type=\"text-editor.default\">\n\t\t\t\t<div class=\"elementor-widget-container\">\n\t\t\t<style>\/*! elementor - v3.22.0 - 26-06-2024 *\/\n.elementor-widget-text-editor.elementor-drop-cap-view-stacked .elementor-drop-cap{background-color:#69727d;color:#fff}.elementor-widget-text-editor.elementor-drop-cap-view-framed .elementor-drop-cap{color:#69727d;border:3px solid;background-color:transparent}.elementor-widget-text-editor:not(.elementor-drop-cap-view-default) .elementor-drop-cap{margin-top:8px}.elementor-widget-text-editor:not(.elementor-drop-cap-view-default) .elementor-drop-cap-letter{width:1em;height:1em}.elementor-widget-text-editor .elementor-drop-cap{float:left;text-align:center;line-height:1;font-size:50px}.elementor-widget-text-editor .elementor-drop-cap-letter{display:inline-block}<\/style>\t\t\t\t<p>The fascination for the German shepherd dog began at a young age and continued to grow with the beginning of the working dog sport.<\/p>\t\t\t\t\t\t<\/div>\n\t\t\t\t<\/div>\n\t\t\t\t<div class=\"elementor-element elementor-element-9610c2a elementor-widget elementor-widget-heading\" data-id=\"9610c2a\" data-element_type=\"widget\" data-widget_type=\"heading.default\">\n\t\t\t\t<div class=\"elementor-widget-container\">\n\t\t\t<h2 class=\"elementor-heading-title elementor-size-default\">Kennel since 1985.<\/h2>\t\t<\/div>\n\t\t\t\t<\/div>\n\t\t\t\t<div class=\"elementor-element elementor-element-201f2e0 elementor-widget elementor-widget-text-editor\" data-id=\"201f2e0\" data-element_type=\"widget\" data-widget_type=\"text-editor.default\">\n\t\t\t\t<div class=\"elementor-widget-container\">\n\t\t\t\t\t\t\t<p>The way to our own kennel &quot;von der grape oak&quot; for German shepherds with GDR pedigree was a special step for us. We can now look back on more than 35 years of successful breeding and training.<\/p>\t\t\t\t\t\t<\/div>\n\t\t\t\t<\/div>\n\t\t\t\t\t<\/div>\n\t\t<\/div>\n\t\t\t\t<div class=\"elementor-column elementor-col-50 elementor-inner-column elementor-element elementor-element-d890e83\" data-id=\"d890e83\" data-element_type=\"column\" data-settings=\"{&quot;background_background&quot;:&quot;classic&quot;}\">\n\t\t\t<div class=\"elementor-widget-wrap elementor-element-populated\">\n\t\t\t\t\t\t<div class=\"elementor-element elementor-element-8f2bde2 elementor-widget elementor-widget-image\" data-id=\"8f2bde2\" data-element_type=\"widget\" data-widget_type=\"image.default\">\n\t\t\t\t<div class=\"elementor-widget-container\">\n\t\t\t<style>\/*! elementor - v3.22.0 - 26-06-2024 *\/\n.elementor-widget-image{text-align:center}.elementor-widget-image a{display:inline-block}.elementor-widget-image a img[src$=\".svg\"]{width:48px}.elementor-widget-image img{vertical-align:middle;display:inline-block}<\/style>\t\t\t\t\t\t\t\t\t\t<img loading=\"lazy\" decoding=\"async\" width=\"340\" height=\"510\" src=\"https:\/\/schaeferhund-traubeneiche.de\/wp-content\/uploads\/2022\/02\/matti-von-der-traubeneiche.jpg\" class=\"attachment-full size-full wp-image-206\" alt=\"hund im portrait, schaeferhund, sch\u00e4ferhund\" srcset=\"https:\/\/schaeferhund-traubeneiche.de\/wp-content\/uploads\/2022\/02\/matti-von-der-traubeneiche.jpg 340w, https:\/\/schaeferhund-traubeneiche.de\/wp-content\/uploads\/2022\/02\/matti-von-der-traubeneiche-200x300.jpg 200w, https:\/\/schaeferhund-traubeneiche.de\/wp-content\/uploads\/2022\/02\/matti-von-der-traubeneiche-8x12.jpg 8w\" sizes=\"(max-width: 340px) 100vw, 340px\" \/>\t\t\t\t\t\t\t\t\t\t\t\t\t<\/div>\n\t\t\t\t<\/div>\n\t\t\t\t\t<\/div>\n\t\t<\/div>\n\t\t\t\t\t<\/div>\n\t\t<\/section>\n\t\t\t\t\t<\/div>\n\t\t<\/div>\n\t\t\t\t\t<\/div>\n\t\t<\/section>\n\t\t\t\t<section class=\"elementor-section elementor-top-section elementor-element elementor-element-fb0af09 elementor-section-full_width elementor-section-height-default elementor-section-height-default\" data-id=\"fb0af09\" data-element_type=\"section\" data-settings=\"{&quot;background_background&quot;:&quot;classic&quot;}\">\n\t\t\t\t\t\t<div class=\"elementor-container elementor-column-gap-default\">\n\t\t\t\t\t<div class=\"elementor-column elementor-col-100 elementor-top-column elementor-element elementor-element-3d7780f\" data-id=\"3d7780f\" data-element_type=\"column\">\n\t\t\t<div class=\"elementor-widget-wrap elementor-element-populated\">\n\t\t\t\t\t\t<section class=\"elementor-section elementor-inner-section elementor-element elementor-element-0f32e81 elementor-section-boxed elementor-section-height-default elementor-section-height-default\" data-id=\"0f32e81\" data-element_type=\"section\">\n\t\t\t\t\t\t<div class=\"elementor-container elementor-column-gap-default\">\n\t\t\t\t\t<div class=\"elementor-column elementor-col-33 elementor-inner-column elementor-element elementor-element-46cf868\" data-id=\"46cf868\" data-element_type=\"column\">\n\t\t\t<div class=\"elementor-widget-wrap elementor-element-populated\">\n\t\t\t\t\t\t<div class=\"elementor-element elementor-element-ce09028 e-transform elementor-widget elementor-widget-image\" data-id=\"ce09028\" data-element_type=\"widget\" data-settings=\"{&quot;_animation&quot;:&quot;none&quot;,&quot;_transform_scale_effect_hover&quot;:{&quot;unit&quot;:&quot;px&quot;,&quot;size&quot;:0.90000000000000002220446049250313080847263336181640625,&quot;sizes&quot;:[]},&quot;_transform_scale_effect_hover_tablet&quot;:{&quot;unit&quot;:&quot;px&quot;,&quot;size&quot;:&quot;&quot;,&quot;sizes&quot;:[]},&quot;_transform_scale_effect_hover_mobile&quot;:{&quot;unit&quot;:&quot;px&quot;,&quot;size&quot;:&quot;&quot;,&quot;sizes&quot;:[]}}\" data-widget_type=\"image.default\">\n\t\t\t\t<div class=\"elementor-widget-container\">\n\t\t\t\t\t\t\t\t\t\t\t\t\t\t<a href=\"https:\/\/schaeferhund-traubeneiche.de\/en\/hunde\/\">\n\t\t\t\t\t\t\t<img loading=\"lazy\" decoding=\"async\" width=\"150\" height=\"96\" src=\"https:\/\/schaeferhund-traubeneiche.de\/wp-content\/uploads\/2022\/02\/dog.svg\" class=\"attachment-thumbnail size-thumbnail wp-image-202\" alt=\"\" \/>\t\t\t\t\t\t\t\t<\/a>\n\t\t\t\t\t\t\t\t\t\t\t\t\t<\/div>\n\t\t\t\t<\/div>\n\t\t\t\t<div class=\"elementor-element elementor-element-c87104d elementor-widget elementor-widget-heading\" data-id=\"c87104d\" data-element_type=\"widget\" data-widget_type=\"heading.default\">\n\t\t\t\t<div class=\"elementor-widget-container\">\n\t\t\t<h3 class=\"elementor-heading-title elementor-size-default\">Our dogs<\/h3>\t\t<\/div>\n\t\t\t\t<\/div>\n\t\t\t\t\t<\/div>\n\t\t<\/div>\n\t\t\t\t<div class=\"elementor-column elementor-col-33 elementor-inner-column elementor-element elementor-element-16ccda7\" data-id=\"16ccda7\" data-element_type=\"column\">\n\t\t\t<div class=\"elementor-widget-wrap elementor-element-populated\">\n\t\t\t\t\t\t<div class=\"elementor-element elementor-element-ec1364c e-transform elementor-widget elementor-widget-image\" data-id=\"ec1364c\" data-element_type=\"widget\" data-settings=\"{&quot;_animation&quot;:&quot;none&quot;,&quot;_transform_scale_effect_hover&quot;:{&quot;unit&quot;:&quot;px&quot;,&quot;size&quot;:0.90000000000000002220446049250313080847263336181640625,&quot;sizes&quot;:[]},&quot;_transform_scale_effect_hover_tablet&quot;:{&quot;unit&quot;:&quot;px&quot;,&quot;size&quot;:&quot;&quot;,&quot;sizes&quot;:[]},&quot;_transform_scale_effect_hover_mobile&quot;:{&quot;unit&quot;:&quot;px&quot;,&quot;size&quot;:&quot;&quot;,&quot;sizes&quot;:[]}}\" data-widget_type=\"image.default\">\n\t\t\t\t<div class=\"elementor-widget-container\">\n\t\t\t\t\t\t\t\t\t\t\t\t\t\t<a href=\"https:\/\/schaeferhund-traubeneiche.de\/en\/zucht\/\">\n\t\t\t\t\t\t\t<img loading=\"lazy\" decoding=\"async\" width=\"150\" height=\"115\" src=\"https:\/\/schaeferhund-traubeneiche.de\/wp-content\/uploads\/2022\/02\/Zucht.svg\" class=\"attachment-thumbnail size-thumbnail wp-image-1118\" alt=\"Dokument als Zertifikat\" \/>\t\t\t\t\t\t\t\t<\/a>\n\t\t\t\t\t\t\t\t\t\t\t\t\t<\/div>\n\t\t\t\t<\/div>\n\t\t\t\t<div class=\"elementor-element elementor-element-572c1c8 elementor-widget elementor-widget-heading\" data-id=\"572c1c8\" data-element_type=\"widget\" data-widget_type=\"heading.default\">\n\t\t\t\t<div class=\"elementor-widget-container\">\n\t\t\t<h3 class=\"elementor-heading-title elementor-size-default\">Breed<\/h3>\t\t<\/div>\n\t\t\t\t<\/div>\n\t\t\t\t\t<\/div>\n\t\t<\/div>\n\t\t\t\t<div class=\"elementor-column elementor-col-33 elementor-inner-column elementor-element elementor-element-f675e5f\" data-id=\"f675e5f\" data-element_type=\"column\">\n\t\t\t<div class=\"elementor-widget-wrap elementor-element-populated\">\n\t\t\t\t\t\t<div class=\"elementor-element elementor-element-2cffbed e-transform elementor-widget elementor-widget-image\" data-id=\"2cffbed\" data-element_type=\"widget\" data-settings=\"{&quot;_animation&quot;:&quot;none&quot;,&quot;_transform_scale_effect_hover&quot;:{&quot;unit&quot;:&quot;px&quot;,&quot;size&quot;:0.90000000000000002220446049250313080847263336181640625,&quot;sizes&quot;:[]},&quot;_transform_scale_effect_hover_tablet&quot;:{&quot;unit&quot;:&quot;px&quot;,&quot;size&quot;:&quot;&quot;,&quot;sizes&quot;:[]},&quot;_transform_scale_effect_hover_mobile&quot;:{&quot;unit&quot;:&quot;px&quot;,&quot;size&quot;:&quot;&quot;,&quot;sizes&quot;:[]}}\" data-widget_type=\"image.default\">\n\t\t\t\t<div class=\"elementor-widget-container\">\n\t\t\t\t\t\t\t\t\t\t\t\t\t\t<a href=\"https:\/\/schaeferhund-traubeneiche.de\/en\/ueber-uns\/\">\n\t\t\t\t\t\t\t<img loading=\"lazy\" decoding=\"async\" width=\"150\" height=\"91\" src=\"https:\/\/schaeferhund-traubeneiche.de\/wp-content\/uploads\/2022\/02\/team.svg\" class=\"attachment-thumbnail size-thumbnail wp-image-1123\" alt=\"\" \/>\t\t\t\t\t\t\t\t<\/a>\n\t\t\t\t\t\t\t\t\t\t\t\t\t<\/div>\n\t\t\t\t<\/div>\n\t\t\t\t<div class=\"elementor-element elementor-element-6036d18 elementor-widget elementor-widget-heading\" data-id=\"6036d18\" data-element_type=\"widget\" data-widget_type=\"heading.default\">\n\t\t\t\t<div class=\"elementor-widget-container\">\n\t\t\t<h3 class=\"elementor-heading-title elementor-size-default\">About us<\/h3>\t\t<\/div>\n\t\t\t\t<\/div>\n\t\t\t\t\t<\/div>\n\t\t<\/div>\n\t\t\t\t\t<\/div>\n\t\t<\/section>\n\t\t\t\t\t<\/div>\n\t\t<\/div>\n\t\t\t\t\t<\/div>\n\t\t<\/section>\n\t\t\t\t<\/div>","protected":false},"excerpt":{"rendered":"<p>Neuigkeiten im Zwinger von der Traubeneiche Wurfank\u00fcndigung nach Shadow 15 Januar, 2022 Shadow von der Traubeneiche (IGP 3, HD-normal, ED-normal) hat heute Senta &#8222;vom Haus Kind&#8220;&#8230; Mehr Wurfank\u00fcndigung nach Odyn 03 Januar, 2022 Odyn von der Traubeneiche hat heute Caty vom Gleisdreieck gedeckt.&nbsp;Am 21.12.2021 hatte Odyn schon&#8230; Mehr Wurfank\u00fcndigung von Tina 01 Januar, 2022 Tina [&hellip;]<\/p>","protected":false},"author":1,"featured_media":0,"parent":0,"menu_order":0,"comment_status":"closed","ping_status":"open","template":"","meta":{"site-sidebar-layout":"no-sidebar","site-content-layout":"page-builder","ast-site-content-layout":"","site-content-style":"default","site-sidebar-style":"default","ast-global-header-display":"","ast-banner-title-visibility":"","ast-main-header-display":"","ast-hfb-above-header-display":"","ast-hfb-below-header-display":"","ast-hfb-mobile-header-display":"","site-post-title":"disabled","ast-breadcrumbs-content":"","ast-featured-img":"disabled","footer-sml-layout":"","theme-transparent-header-meta":"","adv-header-id-meta":"","stick-header-meta":"","header-above-stick-meta":"","header-main-stick-meta":"","header-below-stick-meta":"","astra-migrate-meta-layouts":"default","ast-page-background-enabled":"default","ast-page-background-meta":{"desktop":{"background-color":"var(--ast-global-color-4)","background-image":"","background-repeat":"repeat","background-position":"center center","background-size":"auto","background-attachment":"scroll","background-type":"","background-media":"","overlay-type":"","overlay-color":"","overlay-opacity":"","overlay-gradient":""},"tablet":{"background-color":"","background-image":"","background-repeat":"repeat","background-position":"center center","background-size":"auto","background-attachment":"scroll","background-type":"","background-media":"","overlay-type":"","overlay-color":"","overlay-opacity":"","overlay-gradient":""},"mobile":{"background-color":"","background-image":"","background-repeat":"repeat","background-position":"center center","background-size":"auto","background-attachment":"scroll","background-type":"","background-media":"","overlay-type":"","overlay-color":"","overlay-opacity":"","overlay-gradient":""}},"ast-content-background-meta":{"desktop":{"background-color":"var(--ast-global-color-5)","background-image":"","background-repeat":"repeat","background-position":"center center","background-size":"auto","background-attachment":"scroll","background-type":"","background-media":"","overlay-type":"","overlay-color":"","overlay-opacity":"","overlay-gradient":""},"tablet":{"background-color":"var(--ast-global-color-5)","background-image":"","background-repeat":"repeat","background-position":"center center","background-size":"auto","background-attachment":"scroll","background-type":"","background-media":"","overlay-type":"","overlay-color":"","overlay-opacity":"","overlay-gradient":""},"mobile":{"background-color":"var(--ast-global-color-5)","background-image":"","background-repeat":"repeat","background-position":"center center","background-size":"auto","background-attachment":"scroll","background-type":"","background-media":"","overlay-type":"","overlay-color":"","overlay-opacity":"","overlay-gradient":""}},"footnotes":""},"yoast_head":"<!-- This site is optimized with the Yoast SEO plugin v22.9 - https:\/\/yoast.com\/wordpress\/plugins\/seo\/ -->\n<title>Startseite - Schaeferhund-Traubeneiche<\/title>\n<meta name=\"description\" content=\"Neuigkeiten im Zwinger von der Traubeneiche Wurfank\u00fcndigung nach Shadow 15 Januar, 2022 Shadow von der Traubeneiche (IGP 3, HD-normal, ED-normal) hat\" \/>\n<meta name=\"robots\" content=\"index, follow, max-snippet:-1, max-image-preview:large, max-video-preview:-1\" \/>\n<link rel=\"canonical\" href=\"https:\/\/schaeferhund-traubeneiche.de\/en\/\" \/>\n<meta property=\"og:locale\" content=\"en_US\" \/>\n<meta property=\"og:type\" content=\"article\" \/>\n<meta property=\"og:title\" content=\"Startseite - Schaeferhund-Traubeneiche\" \/>\n<meta property=\"og:description\" content=\"Neuigkeiten im Zwinger von der Traubeneiche Wurfank\u00fcndigung nach Shadow 15 Januar, 2022 Shadow von der Traubeneiche (IGP 3, HD-normal, ED-normal) hat\" \/>\n<meta property=\"og:url\" content=\"https:\/\/schaeferhund-traubeneiche.de\/en\/\" \/>\n<meta property=\"og:site_name\" content=\"Schaeferhund-Traubeneiche\" \/>\n<meta property=\"article:modified_time\" content=\"2022-02-24T08:38:24+00:00\" \/>\n<meta property=\"og:image\" content=\"https:\/\/schaeferhund-traubeneiche.de\/wp-content\/uploads\/2022\/01\/shadow-von-der-traubeneiche.jpg\" \/>\n<meta name=\"twitter:card\" content=\"summary_large_image\" \/>\n<meta name=\"twitter:label1\" content=\"Est. reading time\" \/>\n\t<meta name=\"twitter:data1\" content=\"5 minutes\" \/>\n<script type=\"application\/ld+json\" class=\"yoast-schema-graph\">{\"@context\":\"https:\/\/schema.org\",\"@graph\":[{\"@type\":\"WebPage\",\"@id\":\"https:\/\/schaeferhund-traubeneiche.de\/\",\"url\":\"https:\/\/schaeferhund-traubeneiche.de\/\",\"name\":\"Startseite - Schaeferhund-Traubeneiche\",\"isPartOf\":{\"@id\":\"https:\/\/schaeferhund-traubeneiche.de\/#website\"},\"primaryImageOfPage\":{\"@id\":\"https:\/\/schaeferhund-traubeneiche.de\/#primaryimage\"},\"image\":{\"@id\":\"https:\/\/schaeferhund-traubeneiche.de\/#primaryimage\"},\"thumbnailUrl\":\"https:\/\/schaeferhund-traubeneiche.de\/wp-content\/uploads\/2022\/01\/shadow-von-der-traubeneiche.jpg\",\"datePublished\":\"2022-01-31T19:33:15+00:00\",\"dateModified\":\"2022-02-24T08:38:24+00:00\",\"description\":\"Neuigkeiten im Zwinger von der Traubeneiche Wurfank\u00fcndigung nach Shadow 15 Januar, 2022 Shadow von der Traubeneiche (IGP 3, HD-normal, ED-normal) hat\",\"breadcrumb\":{\"@id\":\"https:\/\/schaeferhund-traubeneiche.de\/#breadcrumb\"},\"inLanguage\":\"en-US\",\"potentialAction\":[{\"@type\":\"ReadAction\",\"target\":[\"https:\/\/schaeferhund-traubeneiche.de\/\"]}]},{\"@type\":\"ImageObject\",\"inLanguage\":\"en-US\",\"@id\":\"https:\/\/schaeferhund-traubeneiche.de\/#primaryimage\",\"url\":\"https:\/\/schaeferhund-traubeneiche.de\/wp-content\/uploads\/2022\/01\/shadow-von-der-traubeneiche.jpg\",\"contentUrl\":\"https:\/\/schaeferhund-traubeneiche.de\/wp-content\/uploads\/2022\/01\/shadow-von-der-traubeneiche.jpg\"},{\"@type\":\"BreadcrumbList\",\"@id\":\"https:\/\/schaeferhund-traubeneiche.de\/#breadcrumb\",\"itemListElement\":[{\"@type\":\"ListItem\",\"position\":1,\"name\":\"Startseite\",\"item\":\"https:\/\/schaeferhund-traubeneiche.de\/\"},{\"@type\":\"ListItem\",\"position\":2,\"name\":\"Startseite\"}]},{\"@type\":\"WebSite\",\"@id\":\"https:\/\/schaeferhund-traubeneiche.de\/#website\",\"url\":\"https:\/\/schaeferhund-traubeneiche.de\/\",\"name\":\"Schaeferhund-Traubeneiche\",\"description\":\"Homepage vom Zwinger von der Traubeneiche. Erstellt von Dieter Barsch.Zuchtst\u00e4tte f\u00fcr Deutsche Sch\u00e4ferhunde, DSH, Sporthund, Familienhund, Beh\u00f6rdenhund, Leistungszucht,Welpen, Sch\u00e4ferhundwelpen, Sch\u00e4ferhundzuch\",\"publisher\":{\"@id\":\"https:\/\/schaeferhund-traubeneiche.de\/#organization\"},\"potentialAction\":[{\"@type\":\"SearchAction\",\"target\":{\"@type\":\"EntryPoint\",\"urlTemplate\":\"https:\/\/schaeferhund-traubeneiche.de\/?s={search_term_string}\"},\"query-input\":\"required name=search_term_string\"}],\"inLanguage\":\"en-US\"},{\"@type\":\"Organization\",\"@id\":\"https:\/\/schaeferhund-traubeneiche.de\/#organization\",\"name\":\"Schaeferhund-Traubeneiche\",\"url\":\"https:\/\/schaeferhund-traubeneiche.de\/\",\"logo\":{\"@type\":\"ImageObject\",\"inLanguage\":\"en-US\",\"@id\":\"https:\/\/schaeferhund-traubeneiche.de\/#\/schema\/logo\/image\/\",\"url\":\"https:\/\/schaeferhund-traubeneiche.de\/wp-content\/uploads\/2022\/02\/zwinger-von-der-traubeneiche-2.jpg\",\"contentUrl\":\"https:\/\/schaeferhund-traubeneiche.de\/wp-content\/uploads\/2022\/02\/zwinger-von-der-traubeneiche-2.jpg\",\"width\":1200,\"height\":558,\"caption\":\"Schaeferhund-Traubeneiche\"},\"image\":{\"@id\":\"https:\/\/schaeferhund-traubeneiche.de\/#\/schema\/logo\/image\/\"}}]}<\/script>\n<!-- \/ Yoast SEO plugin. -->","yoast_head_json":{"title":"Startseite - Schaeferhund-Traubeneiche","description":"Neuigkeiten im Zwinger von der Traubeneiche Wurfank\u00fcndigung nach Shadow 15 Januar, 2022 Shadow von der Traubeneiche (IGP 3, HD-normal, ED-normal) hat","robots":{"index":"index","follow":"follow","max-snippet":"max-snippet:-1","max-image-preview":"max-image-preview:large","max-video-preview":"max-video-preview:-1"},"canonical":"https:\/\/schaeferhund-traubeneiche.de\/en\/","og_locale":"en_US","og_type":"article","og_title":"Startseite - Schaeferhund-Traubeneiche","og_description":"Neuigkeiten im Zwinger von der Traubeneiche Wurfank\u00fcndigung nach Shadow 15 Januar, 2022 Shadow von der Traubeneiche (IGP 3, HD-normal, ED-normal) hat","og_url":"https:\/\/schaeferhund-traubeneiche.de\/en\/","og_site_name":"Schaeferhund-Traubeneiche","article_modified_time":"2022-02-24T08:38:24+00:00","og_image":[{"url":"https:\/\/schaeferhund-traubeneiche.de\/wp-content\/uploads\/2022\/01\/shadow-von-der-traubeneiche.jpg"}],"twitter_card":"summary_large_image","twitter_misc":{"Est. reading time":"5 minutes"},"schema":{"@context":"https:\/\/schema.org","@graph":[{"@type":"WebPage","@id":"https:\/\/schaeferhund-traubeneiche.de\/","url":"https:\/\/schaeferhund-traubeneiche.de\/","name":"Startseite - Schaeferhund-Traubeneiche","isPartOf":{"@id":"https:\/\/schaeferhund-traubeneiche.de\/#website"},"primaryImageOfPage":{"@id":"https:\/\/schaeferhund-traubeneiche.de\/#primaryimage"},"image":{"@id":"https:\/\/schaeferhund-traubeneiche.de\/#primaryimage"},"thumbnailUrl":"https:\/\/schaeferhund-traubeneiche.de\/wp-content\/uploads\/2022\/01\/shadow-von-der-traubeneiche.jpg","datePublished":"2022-01-31T19:33:15+00:00","dateModified":"2022-02-24T08:38:24+00:00","description":"Neuigkeiten im Zwinger von der Traubeneiche Wurfank\u00fcndigung nach Shadow 15 Januar, 2022 Shadow von der Traubeneiche (IGP 3, HD-normal, ED-normal) hat","breadcrumb":{"@id":"https:\/\/schaeferhund-traubeneiche.de\/#breadcrumb"},"inLanguage":"en-US","potentialAction":[{"@type":"ReadAction","target":["https:\/\/schaeferhund-traubeneiche.de\/"]}]},{"@type":"ImageObject","inLanguage":"en-US","@id":"https:\/\/schaeferhund-traubeneiche.de\/#primaryimage","url":"https:\/\/schaeferhund-traubeneiche.de\/wp-content\/uploads\/2022\/01\/shadow-von-der-traubeneiche.jpg","contentUrl":"https:\/\/schaeferhund-traubeneiche.de\/wp-content\/uploads\/2022\/01\/shadow-von-der-traubeneiche.jpg"},{"@type":"BreadcrumbList","@id":"https:\/\/schaeferhund-traubeneiche.de\/#breadcrumb","itemListElement":[{"@type":"ListItem","position":1,"name":"Startseite","item":"https:\/\/schaeferhund-traubeneiche.de\/"},{"@type":"ListItem","position":2,"name":"Startseite"}]},{"@type":"WebSite","@id":"https:\/\/schaeferhund-traubeneiche.de\/#website","url":"https:\/\/schaeferhund-traubeneiche.de\/","name":"Schaeferhund-Traubeneiche","description":"Homepage vom Zwinger von der Traubeneiche. Erstellt von Dieter Barsch.Zuchtst\u00e4tte f\u00fcr Deutsche Sch\u00e4ferhunde, DSH, Sporthund, Familienhund, Beh\u00f6rdenhund, Leistungszucht,Welpen, Sch\u00e4ferhundwelpen, Sch\u00e4ferhundzuch","publisher":{"@id":"https:\/\/schaeferhund-traubeneiche.de\/#organization"},"potentialAction":[{"@type":"SearchAction","target":{"@type":"EntryPoint","urlTemplate":"https:\/\/schaeferhund-traubeneiche.de\/?s={search_term_string}"},"query-input":"required name=search_term_string"}],"inLanguage":"en-US"},{"@type":"Organization","@id":"https:\/\/schaeferhund-traubeneiche.de\/#organization","name":"Schaeferhund-Traubeneiche","url":"https:\/\/schaeferhund-traubeneiche.de\/","logo":{"@type":"ImageObject","inLanguage":"en-US","@id":"https:\/\/schaeferhund-traubeneiche.de\/#\/schema\/logo\/image\/","url":"https:\/\/schaeferhund-traubeneiche.de\/wp-content\/uploads\/2022\/02\/zwinger-von-der-traubeneiche-2.jpg","contentUrl":"https:\/\/schaeferhund-traubeneiche.de\/wp-content\/uploads\/2022\/02\/zwinger-von-der-traubeneiche-2.jpg","width":1200,"height":558,"caption":"Schaeferhund-Traubeneiche"},"image":{"@id":"https:\/\/schaeferhund-traubeneiche.de\/#\/schema\/logo\/image\/"}}]}},"_links":{"self":[{"href":"https:\/\/schaeferhund-traubeneiche.de\/en\/wp-json\/wp\/v2\/pages\/2"}],"collection":[{"href":"https:\/\/schaeferhund-traubeneiche.de\/en\/wp-json\/wp\/v2\/pages"}],"about":[{"href":"https:\/\/schaeferhund-traubeneiche.de\/en\/wp-json\/wp\/v2\/types\/page"}],"author":[{"embeddable":true,"href":"https:\/\/schaeferhund-traubeneiche.de\/en\/wp-json\/wp\/v2\/users\/1"}],"replies":[{"embeddable":true,"href":"https:\/\/schaeferhund-traubeneiche.de\/en\/wp-json\/wp\/v2\/comments?post=2"}],"version-history":[{"count":4,"href":"https:\/\/schaeferhund-traubeneiche.de\/en\/wp-json\/wp\/v2\/pages\/2\/revisions"}],"predecessor-version":[{"id":1883,"href":"https:\/\/schaeferhund-traubeneiche.de\/en\/wp-json\/wp\/v2\/pages\/2\/revisions\/1883"}],"wp:attachment":[{"href":"https:\/\/schaeferhund-traubeneiche.de\/en\/wp-json\/wp\/v2\/media?parent=2"}],"curies":[{"name":"wp","href":"https:\/\/api.w.org\/{rel}","templated":true}]}}